{"id":968,"date":"2024-11-04T18:58:07","date_gmt":"2024-11-04T17:58:07","guid":{"rendered":"https:\/\/www.automotrizcopelec.cl\/?page_id=968"},"modified":"2024-11-06T16:29:16","modified_gmt":"2024-11-06T15:29:16","slug":"derechos-arcor","status":"publish","type":"page","link":"https:\/\/www.automotrizcopelec.cl\/index.php\/derechos-arcor\/","title":{"rendered":"Derechos Arcor"},"content":{"rendered":"\t\t<div data-elementor-type=\"wp-page\" data-elementor-id=\"968\" class=\"elementor elementor-968\" data-elementor-post-type=\"page\">\n\t\t\t\t<div class=\"elementor-element elementor-element-0812bf1 e-flex e-con-boxed e-con e-parent\" data-id=\"0812bf1\" data-element_type=\"container\" data-settings=\"{&quot;background_background&quot;:&quot;classic&quot;}\">\n\t\t\t\t\t<div class=\"e-con-inner\">\n\t\t\t\t<div class=\"elementor-element elementor-element-ca819cb elementor-widget elementor-widget-heading\" data-id=\"ca819cb\" data-element_type=\"widget\" data-widget_type=\"heading.default\">\n\t\t\t\t<div class=\"elementor-widget-container\">\n\t\t\t<h2 class=\"elementor-heading-title elementor-size-default\">\u00bfQu\u00e9 son los derechos ARCO?<\/h2>\t\t<\/div>\n\t\t\t\t<\/div>\n\t\t\t\t\t<\/div>\n\t\t\t\t<\/div>\n\t\t<div class=\"elementor-element elementor-element-25a9053 e-flex e-con-boxed e-con e-parent\" data-id=\"25a9053\" data-element_type=\"container\">\n\t\t\t\t\t<div class=\"e-con-inner\">\n\t\t\t\t<div class=\"elementor-element elementor-element-35da080 elementor-widget elementor-widget-text-editor\" data-id=\"35da080\" data-element_type=\"widget\" data-widget_type=\"text-editor.default\">\n\t\t\t\t<div class=\"elementor-widget-container\">\n\t\t\t\t\t\t\t<div style=\"text-align: justify;\">\n\n&emsp;&emsp;Los llamados derechos ARCO se recogen en las normativas de protecci\u00f3n de datos.\nOriginariamente eran cuatro: Acceso, Rectificaci\u00f3n, Cancelaci\u00f3n y Oposici\u00f3n, aunque el\nReglamento General de Protecci\u00f3n de Datos a\u00f1adi\u00f3, con su entrada en vigor en 2016,\ndos m\u00e1s: el derecho de limitaci\u00f3n y el derecho de portabilidad, con lo que los derechos\nARCO pasaron a ser un total de seis.<br>\n\nLos derechos ARCO son derechos personal\u00edsimos. Esto quiere decir que solo pueden ser\nejercidos por el titular de los datos o su representante. Cualquier solicitud legal hecha por\notra persona podr\u00e1 denegarse.<br>\n\nUna caracter\u00edstica importante de los derechos ARCO es que deben poder ejercerse de\nforma sencilla y gratuita, con medios a cargo de la entidad o persona responsable de los\ndatos. Adem\u00e1s, el ejercicio de estos derechos debe solucionarse en un plazo\ndeterminado.<br>\n\nLa persona que ha ejercido uno de los derechos ARCO puede acudir a la Agencia\nEspa\u00f1ola de Protecci\u00f3n de Datos si piensa que no ha sido atendido en tiempo y forma\ncorrecta por los responsables del tratamiento. <br><br>\n\n\n<strong>Derechos ARCO: Acceso, Rectificaci\u00f3n, Cancelaci\u00f3n, Oposici\u00f3n, Limitaci\u00f3n y\nPortabilidad<\/strong><br>\n\nA continuaci\u00f3n, podr\u00e1s comprender qu\u00e9 es cada uno de los derechos ARCO, as\u00ed como los\ndatos imprescindibles para su ejercicio. <br><br>\n\n<strong>Derecho de Acceso<\/strong> <br>\nSe trata del derecho a obtener informaci\u00f3n y finalidad acerca los datos de car\u00e1cter\npersonal que est\u00e1n siendo objeto de tratamiento, as\u00ed como de d\u00f3nde proceden y qu\u00e9 se\nha hecho o se va a hacer con ellos.\nPara solicitar el acceso, simplemente hay que ponerse en contacto con el responsable del\ntratamiento, que tendr\u00e1 que dar una respuesta en un plazo de 1 mes. <br><br>\n\n<strong>Derecho de Rectificaci\u00f3n<\/strong> <br>\nEn esta ocasi\u00f3n, es el derecho del titular de los datos a que se modifiquen aquellos que\nsean inexactos o incompletos. Para ejercer el derecho de rectificaci\u00f3n, solo hay que\nindicar qu\u00e9 datos hay que modificar y corregir, junto a la documentaci\u00f3n que lo justifique.\nDebemos esperar respuesta en los siguientes 10 d\u00edas h\u00e1biles. <br><br>\n\n<strong>Derecho de cancelaci\u00f3n<\/strong><br>\nDe este derecho emana el derecho al olvido o derecho de supresi\u00f3n. Se trata del derecho\na que se supriman los datos inadecuados o excesivos. Para ejercerlo, hay que aportar\ndocumentaci\u00f3n que justifique la cancelaci\u00f3n de los datos y, en el caso de que sea\ndenegado, se puede recurrir ante la AEPD. <br><br>\n\n<strong>Derecho de oposici\u00f3n<\/strong>\n\nEs el derecho a que no se traten los datos o a que cese el tratamiento. Este derecho solo\npuede ejercerse en tres supuestos: primero, que el consentimiento no sea necesario,\nsegundo, que se trate de ficheros de prospecci\u00f3n comerciales y tercero, tengan la\nfinalidad de adoptar decisiones basadas en el tratamiento automatizado que afecten al\nusuario. Al igual que en el caso del derecho de rectificaci\u00f3n y de cancelaci\u00f3n, el plazo de\nrespuesta es de diez d\u00edas h\u00e1biles. <br><br>\n\n<strong>Derecho de limitaci\u00f3n<\/strong><br>\nEste derecho supone que el afectado puede solicitar la limitaci\u00f3n del tratamiento de sus\ndatos personales. Este derecho supone que los datos personales solo pueden ser\ntratados por inter\u00e9s p\u00fablico, para el ejercicio o defensa de reclamaciones y para proteger\nlos derechos de otra persona f\u00edsica o jur\u00eddica. <br><br>\n\n<strong>Derecho de Portabilidad<\/strong>\n\nEste derecho implica que el responsable del tratamiento puede transmitir los datos al\nusuario o a otro responsable, siempre que el tratamiento se lleve a cabo por medios\nautomatizados. El derecho de portabilidad no se aplica cuando la transmisi\u00f3n es\nt\u00e9cnicamente imposible, cuando afecta negativamente a los derechos de una tercera\npersona, ni cuando el tratamiento tiene inter\u00e9s p\u00fablico. <br>\n\n<\/div>\t\t\t\t\t\t<\/div>\n\t\t\t\t<\/div>\n\t\t\t\t\t<\/div>\n\t\t\t\t<\/div>\n\t\t\t\t<\/div>\n\t\t","protected":false},"excerpt":{"rendered":"<p>\u00bfQu\u00e9 son los derechos ARCO? &emsp;&emsp;Los llamados derechos ARCO se recogen en las normativas de protecci\u00f3n de datos. Originariamente eran [&hellip;]<\/p>\n","protected":false},"author":1,"featured_media":0,"parent":0,"menu_order":0,"comment_status":"closed","ping_status":"closed","template":"","meta":{"site-sidebar-layout":"no-sidebar","site-content-layout":"","ast-site-content-layout":"full-width-container","site-content-style":"default","site-sidebar-style":"default","ast-global-header-display":"","ast-banner-title-visibility":"","ast-main-header-display":"","ast-hfb-above-header-display":"","ast-hfb-below-header-display":"","ast-hfb-mobile-header-display":"","site-post-title":"disabled","ast-breadcrumbs-content":"","ast-featured-img":"disabled","footer-sml-layout":"","theme-transparent-header-meta":"","adv-header-id-meta":"","stick-header-meta":"","header-above-stick-meta":"","header-main-stick-meta":"","header-below-stick-meta":"","astra-migrate-meta-layouts":"default","ast-page-background-enabled":"default","ast-page-background-meta":{"desktop":{"background-color":"var(--ast-global-color-4)","background-image":"","background-repeat":"repeat","background-position":"center center","background-size":"auto","background-attachment":"scroll","background-type":"","background-media":"","overlay-type":"","overlay-color":"","overlay-opacity":"","overlay-gradient":""},"tablet":{"background-color":"","background-image":"","background-repeat":"repeat","background-position":"center center","background-size":"auto","background-attachment":"scroll","background-type":"","background-media":"","overlay-type":"","overlay-color":"","overlay-opacity":"","overlay-gradient":""},"mobile":{"background-color":"","background-image":"","background-repeat":"repeat","background-position":"center center","background-size":"auto","background-attachment":"scroll","background-type":"","background-media":"","overlay-type":"","overlay-color":"","overlay-opacity":"","overlay-gradient":""}},"ast-content-background-meta":{"desktop":{"background-color":"var(--ast-global-color-5)","background-image":"","background-repeat":"repeat","background-position":"center center","background-size":"auto","background-attachment":"scroll","background-type":"","background-media":"","overlay-type":"","overlay-color":"","overlay-opacity":"","overlay-gradient":""},"tablet":{"background-color":"var(--ast-global-color-5)","background-image":"","background-repeat":"repeat","background-position":"center center","background-size":"auto","background-attachment":"scroll","background-type":"","background-media":"","overlay-type":"","overlay-color":"","overlay-opacity":"","overlay-gradient":""},"mobile":{"background-color":"var(--ast-global-color-5)","background-image":"","background-repeat":"repeat","background-position":"center center","background-size":"auto","background-attachment":"scroll","background-type":"","background-media":"","overlay-type":"","overlay-color":"","overlay-opacity":"","overlay-gradient":""}},"footnotes":""},"class_list":["post-968","page","type-page","status-publish","hentry"],"_links":{"self":[{"href":"https:\/\/www.automotrizcopelec.cl\/index.php\/wp-json\/wp\/v2\/pages\/968","targetHints":{"allow":["GET"]}}],"collection":[{"href":"https:\/\/www.automotrizcopelec.cl\/index.php\/wp-json\/wp\/v2\/pages"}],"about":[{"href":"https:\/\/www.automotrizcopelec.cl\/index.php\/wp-json\/wp\/v2\/types\/page"}],"author":[{"embeddable":true,"href":"https:\/\/www.automotrizcopelec.cl\/index.php\/wp-json\/wp\/v2\/users\/1"}],"replies":[{"embeddable":true,"href":"https:\/\/www.automotrizcopelec.cl\/index.php\/wp-json\/wp\/v2\/comments?post=968"}],"version-history":[{"count":8,"href":"https:\/\/www.automotrizcopelec.cl\/index.php\/wp-json\/wp\/v2\/pages\/968\/revisions"}],"predecessor-version":[{"id":1155,"href":"https:\/\/www.automotrizcopelec.cl\/index.php\/wp-json\/wp\/v2\/pages\/968\/revisions\/1155"}],"wp:attachment":[{"href":"https:\/\/www.automotrizcopelec.cl\/index.php\/wp-json\/wp\/v2\/media?parent=968"}],"curies":[{"name":"wp","href":"https:\/\/api.w.org\/{rel}","templated":true}]}}